{"id":6819,"date":"2021-07-16T16:57:17","date_gmt":"2021-07-16T21:57:17","guid":{"rendered":"https:\/\/musuqilla.info\/?post_type=product&p=6819"},"modified":"2021-07-16T16:57:17","modified_gmt":"2021-07-16T21:57:17","slug":"hija-de-la-luna","status":"publish","type":"product","link":"https:\/\/musuqilla.info\/es\/harawikuna-qulqakuna\/hija-de-la-luna\/","title":{"rendered":"Hija de la luna"},"content":{"rendered":"","protected":false},"excerpt":{"rendered":"<p>Ahora recuerdan su nombre<br \/>\ny silban su canto,<br \/>\nayer sembr\u00f3 su ilusi\u00f3n<br \/>\nen los campos arrasados<br \/>\ndejando su aroma<br \/>\nen los ojos del manantial.<\/p>\n<p>Ahora leen su escritura<br \/>\ny escuchan sus yarav\u00edes,<br \/>\nanoche derram\u00f3 su sangre<br \/>\nen los surcos ignorados<br \/>\nescribiendo su historia<br \/>\nen las entra\u00f1as del universo.<\/p>\n<p>Ahora esculpen su imagen<br \/>\ny anuncian su llegada,<br \/>\nantes sublev\u00f3 a la viscacha<br \/>\nen las monta\u00f1as tutelares<br \/>\nrepicando su grito<br \/>\nen los cielos del Ande.<\/p>\n<p>Con su aliento flame\u00f3 el pajonal<br \/>\ny con su l\u00e1grima creci\u00f3 el rosal,<br \/>\ncon su mano lastimada<br \/>\ny escarbando el suelo<br \/>\nenterr\u00f3 su sue\u00f1o<br \/>\npara que florezca en el quinual. <\/p>\n<p>Con su poes\u00eda calent\u00f3 la piedra<br \/>\ny con su estruendo tembl\u00f3 la tierra,<br \/>\ncon su \u00edmpetu ferviente<br \/>\ny atizando el recuerdo<br \/>\nesparci\u00f3 su h\u00e1lito<br \/>\npara que crezca en el herbazal.<\/p>\n<p>Con su gesto fundi\u00f3 la noche<br \/>\ny con su fe encendi\u00f3 el fuego,<br \/>\ncon su cari\u00f1o inagotable<br \/>\ny abriendo el ocaso<br \/>\nencumbr\u00f3 su hero\u00edsmo<br \/>\npara que germine en el maizal.<\/p>\n<p>All\u00ed difundi\u00f3 su palabra<br \/>\nque jam\u00e1s claudic\u00f3,<br \/>\naqu\u00ed qued\u00f3 su huella<br \/>\nque nunca se borr\u00f3<br \/>\ny all\u00e1 naci\u00f3 su coraje<br \/>\nque siempre perdur\u00f3;<br \/>\nayer encontr\u00f3 sus pasos<br \/>\nen las orillas del Urubamba,<br \/>\nahora anida su furia<br \/>\nen las veras del camino<br \/>\ny ma\u00f1ana crecer\u00e1 su regocijo<br \/>\nen las p\u00e1ginas de los d\u00edas;<br \/>\npor aqu\u00ed salud\u00f3 al destino<br \/>\nabraz\u00e1ndolo fuertemente,<br \/>\npor all\u00ed habl\u00f3 al Awkiwillka<br \/>\npara que el qantu siga floreciendo<br \/>\ny por all\u00e1 cont\u00f3 a la wallata<br \/>\nla historia del colibr\u00ed herido.<\/p>\n","protected":false},"featured_media":6807,"template":"","meta":{"_monsterinsights_skip_tracking":false,"_monsterinsights_sitenote_active":false,"_monsterinsights_sitenote_note":"","_monsterinsights_sitenote_category":0},"product_brand":[],"product_cat":[282,279,107],"product_tag":[],"press":[],"class_list":{"0":"post-6819","1":"product","2":"type-product","3":"status-publish","4":"has-post-thumbnail","6":"product_author-washington-cordova-huaman-es","7":"product_cat-capitulo-3","8":"product_cat-musuq-illa-libro","9":"product_cat-poemas","10":"pa_country-peru-es-es","11":"pa_form-hexasilabo","12":"pa_form-verso-libre","13":"pa_period-siglo-xxi","14":"pa_region-city-apurimac-es","15":"pa_theme-filosofia-andina","16":"pa_theme-flora-y-fauna-andina","17":"pa_theme-identidad-indigena","18":"pa_theme-paisaje-andino","20":"first","21":"instock","22":"shipping-taxable","23":"product-type-external"},"yoast_head":"<!-- This site is optimized with the Yoast SEO plugin v27.4 - https:\/\/yoast.com\/product\/yoast-seo-wordpress\/ -->\n<title>Hija de la luna - Musuq Illa<\/title>\n<meta name=\"robots\" content=\"index, follow, max-snippet:-1, max-image-preview:large, max-video-preview:-1\" \/>\n<link rel=\"canonical\" href=\"https:\/\/musuqilla.info\/es\/harawikuna-qulqakuna\/hija-de-la-luna\/\" \/>\n<meta property=\"og:locale\" content=\"es_ES\" \/>\n<meta property=\"og:type\" content=\"article\" \/>\n<meta property=\"og:title\" content=\"Hija de la luna - Musuq Illa\" \/>\n<meta property=\"og:description\" content=\"Ahora recuerdan su nombre y silban su canto, ayer sembr\u00f3 su ilusi\u00f3n  en los campos arrasados dejando su aroma en los ojos del manantial.  Ahora leen su escritura y escuchan sus yarav\u00edes, anoche derram\u00f3 su sangre en los surcos ignorados escribiendo su historia  en las entra\u00f1as del universo.  Ahora esculpen su imagen y anuncian su llegada, antes sublev\u00f3 a la viscacha en las monta\u00f1as tutelares repicando su grito en los cielos del Ande.  Con su aliento flame\u00f3 el pajonal y con su l\u00e1grima creci\u00f3 el rosal, con su mano lastimada  y escarbando el suelo enterr\u00f3 su sue\u00f1o para que florezca en el quinual.   Con su poes\u00eda calent\u00f3 la piedra y con su estruendo tembl\u00f3 la tierra, con su \u00edmpetu ferviente y atizando el recuerdo esparci\u00f3 su h\u00e1lito para que crezca en el herbazal.  Con su gesto fundi\u00f3 la noche y con su fe encendi\u00f3 el fuego, con su cari\u00f1o inagotable y abriendo el ocaso encumbr\u00f3 su hero\u00edsmo para que germine en el maizal.  All\u00ed difundi\u00f3 su palabra que jam\u00e1s claudic\u00f3, aqu\u00ed qued\u00f3 su huella que nunca se borr\u00f3 y all\u00e1 naci\u00f3 su coraje que siempre perdur\u00f3; ayer encontr\u00f3 sus pasos en las orillas del Urubamba, ahora anida su furia en las veras del camino y ma\u00f1ana crecer\u00e1 su regocijo en las p\u00e1ginas de los d\u00edas; por aqu\u00ed salud\u00f3 al destino abraz\u00e1ndolo fuertemente, por all\u00ed habl\u00f3 al Awkiwillka para que el qantu siga floreciendo y por all\u00e1 cont\u00f3 a la wallata la historia del colibr\u00ed herido.\" \/>\n<meta property=\"og:url\" content=\"https:\/\/musuqilla.info\/es\/harawikuna-qulqakuna\/hija-de-la-luna\/\" \/>\n<meta property=\"og:site_name\" content=\"Musuq Illa\" \/>\n<meta property=\"og:image\" content=\"https:\/\/musuqilla.info\/wp-content\/uploads\/2021\/07\/cordova-huaman_killaq-ususin_07b.jpg\" \/>\n\t<meta property=\"og:image:width\" content=\"855\" \/>\n\t<meta property=\"og:image:height\" content=\"1280\" \/>\n\t<meta property=\"og:image:type\" content=\"image\/jpeg\" \/>\n<meta name=\"twitter:card\" content=\"summary_large_image\" \/>\n<meta name=\"twitter:site\" content=\"@MusuqIlla\" \/>\n<script type=\"application\/ld+json\" class=\"yoast-schema-graph\">{\"@context\":\"https:\\\/\\\/schema.org\",\"@graph\":[{\"@type\":\"WebPage\",\"@id\":\"https:\\\/\\\/musuqilla.info\\\/es\\\/harawikuna-qulqakuna\\\/hija-de-la-luna\\\/\",\"url\":\"https:\\\/\\\/musuqilla.info\\\/es\\\/harawikuna-qulqakuna\\\/hija-de-la-luna\\\/\",\"name\":\"Hija de la luna - Musuq Illa\",\"isPartOf\":{\"@id\":\"https:\\\/\\\/musuqilla.info\\\/es\\\/#website\"},\"primaryImageOfPage\":{\"@id\":\"https:\\\/\\\/musuqilla.info\\\/es\\\/harawikuna-qulqakuna\\\/hija-de-la-luna\\\/#primaryimage\"},\"image\":{\"@id\":\"https:\\\/\\\/musuqilla.info\\\/es\\\/harawikuna-qulqakuna\\\/hija-de-la-luna\\\/#primaryimage\"},\"thumbnailUrl\":\"https:\\\/\\\/musuqilla.info\\\/wp-content\\\/uploads\\\/2021\\\/07\\\/cordova-huaman_killaq-ususin_07b.jpg\",\"datePublished\":\"2021-07-16T21:57:17+00:00\",\"breadcrumb\":{\"@id\":\"https:\\\/\\\/musuqilla.info\\\/es\\\/harawikuna-qulqakuna\\\/hija-de-la-luna\\\/#breadcrumb\"},\"inLanguage\":\"es-PE\",\"potentialAction\":[{\"@type\":\"ReadAction\",\"target\":[\"https:\\\/\\\/musuqilla.info\\\/es\\\/harawikuna-qulqakuna\\\/hija-de-la-luna\\\/\"]}]},{\"@type\":\"ImageObject\",\"inLanguage\":\"es-PE\",\"@id\":\"https:\\\/\\\/musuqilla.info\\\/es\\\/harawikuna-qulqakuna\\\/hija-de-la-luna\\\/#primaryimage\",\"url\":\"https:\\\/\\\/musuqilla.info\\\/wp-content\\\/uploads\\\/2021\\\/07\\\/cordova-huaman_killaq-ususin_07b.jpg\",\"contentUrl\":\"https:\\\/\\\/musuqilla.info\\\/wp-content\\\/uploads\\\/2021\\\/07\\\/cordova-huaman_killaq-ususin_07b.jpg\",\"width\":855,\"height\":1280},{\"@type\":\"BreadcrumbList\",\"@id\":\"https:\\\/\\\/musuqilla.info\\\/es\\\/harawikuna-qulqakuna\\\/hija-de-la-luna\\\/#breadcrumb\",\"itemListElement\":[{\"@type\":\"ListItem\",\"position\":1,\"name\":\"Inicio\",\"item\":\"https:\\\/\\\/musuqilla.info\\\/es\\\/\"},{\"@type\":\"ListItem\",\"position\":2,\"name\":\"Estante\",\"item\":\"https:\\\/\\\/musuqilla.info\\\/es\\\/estante\\\/\"},{\"@type\":\"ListItem\",\"position\":3,\"name\":\"Hija de la luna\"}]},{\"@type\":\"WebSite\",\"@id\":\"https:\\\/\\\/musuqilla.info\\\/es\\\/#website\",\"url\":\"https:\\\/\\\/musuqilla.info\\\/es\\\/\",\"name\":\"Musuq Illa\",\"description\":\"Harawikuna runasimipi\",\"publisher\":{\"@id\":\"https:\\\/\\\/musuqilla.info\\\/es\\\/#organization\"},\"potentialAction\":[{\"@type\":\"SearchAction\",\"target\":{\"@type\":\"EntryPoint\",\"urlTemplate\":\"https:\\\/\\\/musuqilla.info\\\/es\\\/?s={search_term_string}\"},\"query-input\":{\"@type\":\"PropertyValueSpecification\",\"valueRequired\":true,\"valueName\":\"search_term_string\"}}],\"inLanguage\":\"es-PE\"},{\"@type\":\"Organization\",\"@id\":\"https:\\\/\\\/musuqilla.info\\\/es\\\/#organization\",\"name\":\"Musuq Illa\",\"url\":\"https:\\\/\\\/musuqilla.info\\\/es\\\/\",\"logo\":{\"@type\":\"ImageObject\",\"inLanguage\":\"es-PE\",\"@id\":\"https:\\\/\\\/musuqilla.info\\\/es\\\/#\\\/schema\\\/logo\\\/image\\\/\",\"url\":\"https:\\\/\\\/i0.wp.com\\\/musuqilla.info\\\/wp-content\\\/uploads\\\/2020\\\/11\\\/musuq_illa_masthead_logo_txt_E_2x_smaller.png?fit=348%2C264&ssl=1\",\"contentUrl\":\"https:\\\/\\\/i0.wp.com\\\/musuqilla.info\\\/wp-content\\\/uploads\\\/2020\\\/11\\\/musuq_illa_masthead_logo_txt_E_2x_smaller.png?fit=348%2C264&ssl=1\",\"width\":348,\"height\":264,\"caption\":\"Musuq Illa\"},\"image\":{\"@id\":\"https:\\\/\\\/musuqilla.info\\\/es\\\/#\\\/schema\\\/logo\\\/image\\\/\"},\"sameAs\":[\"https:\\\/\\\/x.com\\\/MusuqIlla\"]}]}<\/script>\n<!-- \/ Yoast SEO plugin. -->","yoast_head_json":{"title":"Hija de la luna - Musuq Illa","robots":{"index":"index","follow":"follow","max-snippet":"max-snippet:-1","max-image-preview":"max-image-preview:large","max-video-preview":"max-video-preview:-1"},"canonical":"https:\/\/musuqilla.info\/es\/harawikuna-qulqakuna\/hija-de-la-luna\/","og_locale":"es_ES","og_type":"article","og_title":"Hija de la luna - Musuq Illa","og_description":"Ahora recuerdan su nombre y silban su canto, ayer sembr\u00f3 su ilusi\u00f3n  en los campos arrasados dejando su aroma en los ojos del manantial.  Ahora leen su escritura y escuchan sus yarav\u00edes, anoche derram\u00f3 su sangre en los surcos ignorados escribiendo su historia  en las entra\u00f1as del universo.  Ahora esculpen su imagen y anuncian su llegada, antes sublev\u00f3 a la viscacha en las monta\u00f1as tutelares repicando su grito en los cielos del Ande.  Con su aliento flame\u00f3 el pajonal y con su l\u00e1grima creci\u00f3 el rosal, con su mano lastimada  y escarbando el suelo enterr\u00f3 su sue\u00f1o para que florezca en el quinual.   Con su poes\u00eda calent\u00f3 la piedra y con su estruendo tembl\u00f3 la tierra, con su \u00edmpetu ferviente y atizando el recuerdo esparci\u00f3 su h\u00e1lito para que crezca en el herbazal.  Con su gesto fundi\u00f3 la noche y con su fe encendi\u00f3 el fuego, con su cari\u00f1o inagotable y abriendo el ocaso encumbr\u00f3 su hero\u00edsmo para que germine en el maizal.  All\u00ed difundi\u00f3 su palabra que jam\u00e1s claudic\u00f3, aqu\u00ed qued\u00f3 su huella que nunca se borr\u00f3 y all\u00e1 naci\u00f3 su coraje que siempre perdur\u00f3; ayer encontr\u00f3 sus pasos en las orillas del Urubamba, ahora anida su furia en las veras del camino y ma\u00f1ana crecer\u00e1 su regocijo en las p\u00e1ginas de los d\u00edas; por aqu\u00ed salud\u00f3 al destino abraz\u00e1ndolo fuertemente, por all\u00ed habl\u00f3 al Awkiwillka para que el qantu siga floreciendo y por all\u00e1 cont\u00f3 a la wallata la historia del colibr\u00ed herido.","og_url":"https:\/\/musuqilla.info\/es\/harawikuna-qulqakuna\/hija-de-la-luna\/","og_site_name":"Musuq Illa","og_image":[{"width":855,"height":1280,"url":"https:\/\/musuqilla.info\/wp-content\/uploads\/2021\/07\/cordova-huaman_killaq-ususin_07b.jpg","type":"image\/jpeg"}],"twitter_card":"summary_large_image","twitter_site":"@MusuqIlla","schema":{"@context":"https:\/\/schema.org","@graph":[{"@type":"WebPage","@id":"https:\/\/musuqilla.info\/es\/harawikuna-qulqakuna\/hija-de-la-luna\/","url":"https:\/\/musuqilla.info\/es\/harawikuna-qulqakuna\/hija-de-la-luna\/","name":"Hija de la luna - Musuq Illa","isPartOf":{"@id":"https:\/\/musuqilla.info\/es\/#website"},"primaryImageOfPage":{"@id":"https:\/\/musuqilla.info\/es\/harawikuna-qulqakuna\/hija-de-la-luna\/#primaryimage"},"image":{"@id":"https:\/\/musuqilla.info\/es\/harawikuna-qulqakuna\/hija-de-la-luna\/#primaryimage"},"thumbnailUrl":"https:\/\/musuqilla.info\/wp-content\/uploads\/2021\/07\/cordova-huaman_killaq-ususin_07b.jpg","datePublished":"2021-07-16T21:57:17+00:00","breadcrumb":{"@id":"https:\/\/musuqilla.info\/es\/harawikuna-qulqakuna\/hija-de-la-luna\/#breadcrumb"},"inLanguage":"es-PE","potentialAction":[{"@type":"ReadAction","target":["https:\/\/musuqilla.info\/es\/harawikuna-qulqakuna\/hija-de-la-luna\/"]}]},{"@type":"ImageObject","inLanguage":"es-PE","@id":"https:\/\/musuqilla.info\/es\/harawikuna-qulqakuna\/hija-de-la-luna\/#primaryimage","url":"https:\/\/musuqilla.info\/wp-content\/uploads\/2021\/07\/cordova-huaman_killaq-ususin_07b.jpg","contentUrl":"https:\/\/musuqilla.info\/wp-content\/uploads\/2021\/07\/cordova-huaman_killaq-ususin_07b.jpg","width":855,"height":1280},{"@type":"BreadcrumbList","@id":"https:\/\/musuqilla.info\/es\/harawikuna-qulqakuna\/hija-de-la-luna\/#breadcrumb","itemListElement":[{"@type":"ListItem","position":1,"name":"Inicio","item":"https:\/\/musuqilla.info\/es\/"},{"@type":"ListItem","position":2,"name":"Estante","item":"https:\/\/musuqilla.info\/es\/estante\/"},{"@type":"ListItem","position":3,"name":"Hija de la luna"}]},{"@type":"WebSite","@id":"https:\/\/musuqilla.info\/es\/#website","url":"https:\/\/musuqilla.info\/es\/","name":"Musuq Illa","description":"Harawikuna runasimipi","publisher":{"@id":"https:\/\/musuqilla.info\/es\/#organization"},"potentialAction":[{"@type":"SearchAction","target":{"@type":"EntryPoint","urlTemplate":"https:\/\/musuqilla.info\/es\/?s={search_term_string}"},"query-input":{"@type":"PropertyValueSpecification","valueRequired":true,"valueName":"search_term_string"}}],"inLanguage":"es-PE"},{"@type":"Organization","@id":"https:\/\/musuqilla.info\/es\/#organization","name":"Musuq Illa","url":"https:\/\/musuqilla.info\/es\/","logo":{"@type":"ImageObject","inLanguage":"es-PE","@id":"https:\/\/musuqilla.info\/es\/#\/schema\/logo\/image\/","url":"https:\/\/i0.wp.com\/musuqilla.info\/wp-content\/uploads\/2020\/11\/musuq_illa_masthead_logo_txt_E_2x_smaller.png?fit=348%2C264&ssl=1","contentUrl":"https:\/\/i0.wp.com\/musuqilla.info\/wp-content\/uploads\/2020\/11\/musuq_illa_masthead_logo_txt_E_2x_smaller.png?fit=348%2C264&ssl=1","width":348,"height":264,"caption":"Musuq Illa"},"image":{"@id":"https:\/\/musuqilla.info\/es\/#\/schema\/logo\/image\/"},"sameAs":["https:\/\/x.com\/MusuqIlla"]}]}},"_links":{"self":[{"href":"https:\/\/musuqilla.info\/es\/wp-json\/wp\/v2\/product\/6819","targetHints":{"allow":["GET"]}}],"collection":[{"href":"https:\/\/musuqilla.info\/es\/wp-json\/wp\/v2\/product"}],"about":[{"href":"https:\/\/musuqilla.info\/es\/wp-json\/wp\/v2\/types\/product"}],"wp:featuredmedia":[{"embeddable":true,"href":"https:\/\/musuqilla.info\/es\/wp-json\/wp\/v2\/media\/6807"}],"wp:attachment":[{"href":"https:\/\/musuqilla.info\/es\/wp-json\/wp\/v2\/media?parent=6819"}],"wp:term":[{"taxonomy":"product_brand","embeddable":true,"href":"https:\/\/musuqilla.info\/es\/wp-json\/wp\/v2\/product_brand?post=6819"},{"taxonomy":"product_cat","embeddable":true,"href":"https:\/\/musuqilla.info\/es\/wp-json\/wp\/v2\/product_cat?post=6819"},{"taxonomy":"product_tag","embeddable":true,"href":"https:\/\/musuqilla.info\/es\/wp-json\/wp\/v2\/product_tag?post=6819"},{"taxonomy":"press","embeddable":true,"href":"https:\/\/musuqilla.info\/es\/wp-json\/wp\/v2\/press?post=6819"}],"curies":[{"name":"wp","href":"https:\/\/api.w.org\/{rel}","templated":true}]}}